{"id":303,"date":"2017-11-12T22:31:01","date_gmt":"2017-11-12T21:31:01","guid":{"rendered":"http:\/\/anthony-weber.fr\/?page_id=303"},"modified":"2019-11-20T10:38:32","modified_gmt":"2019-11-20T09:38:32","slug":"303-2","status":"publish","type":"page","link":"https:\/\/anthony-weber.fr\/?page_id=303","title":{"rendered":"Pr\u00e9parez votre \u00e9chographie"},"content":{"rendered":"<div class=\"infos\">\n<div class=\"section group\">\n<div class=\"col span_1-3\"><img loading=\"lazy\" decoding=\"async\" class=\"alignleft wp-image-306\" src=\"http:\/\/i2.wp.com\/echographie-paris12.fr\/wp-content\/uploads\/2015\/10\/ordonnance.png?resize=131%2C130\" alt=\"ordonnance-echographie\" width=\"131\" height=\"130\" \/><\/div>\n<div class=\"col span_2-3\">\n<h3 class=\"h3infos\">Ordonnance<\/h3>\n<p>Les examens \u00e9chographiques sont faits sur la prescription du m\u00e9decin ou de la sage femme qui suit votre grossesse.<br \/>\nVous devez\u00a0vous munir de l\u2019ordonnance\u00a0lors de votre rendez-vous d\u2019\u00e9chographie.<\/p>\n<hr \/>\n<div class=\"infos\">\n<div class=\"section group\">\n<div class=\"col span_1-3\"><img loading=\"lazy\" decoding=\"async\" class=\"wp-image-316 alignleft\" src=\"http:\/\/i2.wp.com\/echographie-paris12.fr\/wp-content\/uploads\/2015\/10\/calendrier-dates-echographies-grossesse.png?resize=131%2C130\" alt=\"calendrier-dates-echographies-grossesse\" width=\"131\" height=\"130\" \/><\/div>\n<div class=\"infos\">\n<div class=\"section group\">\n<div class=\"col span_2-3\">\n<h3 class=\"h3infos\" style=\"text-align: left;\">Dates de rendez-vous<\/h3>\n<p style=\"text-align: left;\">L\u2019\u00e9chographie de datation s\u2019\u00e9ffectue avant 11 semaines.<br \/>\nL\u2019\u00e9chographie du 1er trimestre est recommand\u00e9e entre 11 et 14 semaines\u00a0<a href=\"https:\/\/fr.wikipedia.org\/wiki\/Am%C3%A9norrh%C3%A9e\" target=\"_blank\" rel=\"noopener\">semaines d\u2019am\u00e9norrh\u00e9e<\/a>.<br \/>\nLa 2\u00e8me \u00e9chographie est pr\u00e9vue entre la 22\u00e8me et 24\u00e8me semaine d\u2019am\u00e9norrh\u00e9e.<br \/>\nLa 3\u00e8me et derni\u00e8re \u00e9chographie de votre grossesse s\u2019effectue entre 32 et 34 semaines d\u2019am\u00e9norrh\u00e9e.<\/p>\n<p style=\"text-align: left;\">Respectez les d\u00e9lais dans lesquels l\u2019examen \u00e9chographique vous a \u00e9t\u00e9 prescrit.<\/p>\n<hr \/>\n<p>&nbsp;<\/p>\n<div class=\"infos\">\n<div class=\"section group\">\n<div class=\"col span_2-3\">\n<div class=\"infos\">\n<div class=\"section group\">\n<div class=\"col span_1-3\"><img loading=\"lazy\" decoding=\"async\" class=\"wp-image-319 alignleft\" src=\"http:\/\/i0.wp.com\/echographie-paris12.fr\/wp-content\/uploads\/2015\/10\/dossier-medicale.png?resize=131%2C130\" alt=\"dossier-medical\" width=\"131\" height=\"130\" \/><\/div>\n<div class=\"col span_2-3\">\n<h3 class=\"h3infos\">Dossier m\u00e9dical<\/h3>\n<p>Apportez tous les r\u00e9sultats des \u00e9chographies que vous avez fait effectuer pr\u00e9c\u00e9demment.<br \/>\nToutes ces informations sont n\u00e9cessaires pour appr\u00e9cier l\u2019\u00e9volution de votre b\u00e9b\u00e9.<\/p>\n<hr \/>\n<p>&nbsp;<\/p>\n<div class=\"infos\">\n<div class=\"section group\">\n<div class=\"col span_1-3\"><img loading=\"lazy\" decoding=\"async\" class=\"wp-image-318 alignleft\" src=\"http:\/\/i2.wp.com\/echographie-paris12.fr\/wp-content\/uploads\/2015\/10\/creme-hydratante-echographie.png?resize=131%2C130\" alt=\"creme-hydratante-echographie\" width=\"131\" height=\"130\" \/><\/div>\n<div class=\"col span_2-3\">\n<h3 class=\"h3infos\">Application de cr\u00e8me<\/h3>\n<p>Afin que votre b\u00e9b\u00e9 soit le plus visible possible lors de l\u2019examen, pensez \u00e0\u00a0interrompre l\u2019application de toutes cr\u00e8mes hydratantes ou anti-vergetures 3 jours avant\u00a0votre rendez-vous.<\/p>\n<p>&nbsp;<\/p>\n<hr \/>\n<p>&nbsp;<\/p>\n<div class=\"infos\">\n<div class=\"section group\">\n<div class=\"col span_1-3\"><img loading=\"lazy\" decoding=\"async\" class=\"wp-image-322 alignleft\" src=\"http:\/\/i0.wp.com\/echographie-paris12.fr\/wp-content\/uploads\/2015\/10\/vessie-echographie.png?resize=131%2C130\" alt=\"vessie-echographie\" width=\"131\" height=\"130\" \/><\/div>\n<div class=\"col span_2-3\">\n<h3 class=\"h3infos\">Pr\u00e9cautions particuli\u00e8res<\/h3>\n<p>Il n\u2019est\u00a0pas n\u00e9cessaire d\u2019avoir une vessie pleine, et ce, quel que soit le terme auquel l\u2019examen est r\u00e9alis\u00e9, m\u00eame tout au d\u00e9but.<\/p>\n<p>&nbsp;<\/p>\n<\/div>\n<\/div>\n<hr \/>\n<div class=\"section group\">\n<div class=\"col span_2-3\">\n<div class=\"infos\">\n<div class=\"section group\">\n<div class=\"col span_1-3\"><img loading=\"lazy\" decoding=\"async\" class=\"size-full wp-image-321 alignleft\" src=\"http:\/\/i1.wp.com\/echographie-paris12.fr\/wp-content\/uploads\/2015\/10\/pas-enfants-en-bas-age.png?resize=143%2C142\" alt=\"pas d'enfants en bas age\" width=\"143\" height=\"142\" \/><\/div>\n<div class=\"col span_2-3\">\n<h3 class=\"h3infos\">Accompagnants et enfants<\/h3>\n<p>L\u2019\u00e9chographie est un\u00a0examen\u00a0difficile qui demande de la\u00a0concentration\u00a0et doit se d\u00e9rouler dans le\u00a0calme.\u00a0Pas plus d\u2019un accompagnant, les enfants ne sont pas accept\u00e9s durant l&rsquo;examen<\/p>\n<\/div>\n<\/div>\n<\/div>\n<\/div>\n<\/div>\n<\/div>\n<\/div>\n<\/div>\n<\/div>\n<\/div>\n<\/div>\n<\/div>\n<\/div>\n<\/div>\n<\/div>\n<\/div>\n<\/div>\n<\/div>\n<\/div>\n<\/div>\n<\/div>\n<\/div>\n<\/div>\n<p>&nbsp;<\/p>\n<p>&nbsp;<\/p>\n<hr \/>\n<div class=\"infos\">\n<div class=\"section group\">\n<div class=\"col span_2-3\">\n<div class=\"infos\">\n<div class=\"section group\">\n<div class=\"infos\">\n<div class=\"section group\">\n<div class=\"col span_2-3\">\n<div class=\"infos\">\n<div class=\"section group\">\n<div class=\"col span_2-3\">\n<div class=\"infos\">\n<div class=\"section group\">\n<div class=\"col span_2-3\">\n<div class=\"infos\">\n<div class=\"section group\">\n<div class=\"col span_2-3\">\n<div class=\"infos\">\n<div class=\"section group\">\n<div class=\"col span_2-3\">\n<div class=\"infos\">\n<div class=\"section group\">\n<div class=\"col span_2-3\">\n<div class=\"infos\">\n<div class=\"section group\">\n<div class=\"col span_1-3\"><img loading=\"lazy\" decoding=\"async\" class=\"size-full wp-image-317 alignleft\" src=\"http:\/\/i1.wp.com\/echographie-paris12.fr\/wp-content\/uploads\/2015\/10\/carte-vitale.png?resize=143%2C142\" alt=\"carte vitale\" width=\"143\" height=\"142\" \/><\/div>\n<div class=\"col span_2-3\">\n<h3 class=\"h3infos\">Carte vitale &amp; remboursements<\/h3>\n<p>Pour b\u00e9n\u00e9ficier d\u2019un remboursement rapide,\u00a0munissez-vous de votre carte vitale \u00e0 chaque rendez-vous.<br \/>\nLes patientes titulaires d\u2019une Aide M\u00e9dicale de l\u2019\u00c9tat doivent pr\u00e9senter leur attestation ou la carte d\u2019attribution pour \u00eatre dispens\u00e9es de l\u2019avance des frais.<br \/>\nLes patientes titulaires d\u2019une CMU doivent pr\u00e9senter leur carte vitale \u00e0 jour.<\/p>\n<\/div>\n<\/div>\n<\/div>\n<\/div>\n<\/div>\n<\/div>\n<\/div>\n<\/div>\n<\/div>\n<\/div>\n<\/div>\n<\/div>\n<\/div>\n<\/div>\n<\/div>\n<\/div>\n<\/div>\n<\/div>\n<\/div>\n<\/div>\n<\/div>\n<\/div>\n<\/div>\n<\/div>\n<\/div>\n<\/div>\n<p>&nbsp;<\/p>\n<hr \/>\n<div class=\"infos\">\n<div class=\"section group\">\n<div class=\"col span_2-3\">\n<div class=\"infos\">\n<div class=\"section group\">\n<div class=\"infos\">\n<div class=\"section group\">\n<div class=\"col span_2-3\">\n<div class=\"infos\">\n<div class=\"section group\">\n<div class=\"col span_2-3\">\n<div class=\"infos\">\n<div class=\"section group\">\n<div class=\"col span_2-3\">\n<div class=\"infos\">\n<div class=\"section group\">\n<div class=\"col span_2-3\">\n<div class=\"infos\">\n<div class=\"section group\">\n<div class=\"col span_2-3\">\n<div class=\"infos\">\n<div class=\"section group\">\n<div class=\"col span_2-3\">\n<div class=\"infos\">\n<div class=\"section group\">\n<div class=\"col span_2-3\">\n<div class=\"infos\">\n<div class=\"section group\">\n<div class=\"col span_1-3\"><img loading=\"lazy\" decoding=\"async\" class=\"size-full wp-image-320 alignleft\" src=\"http:\/\/i0.wp.com\/echographie-paris12.fr\/wp-content\/uploads\/2015\/10\/paiement-echographie.png?resize=143%2C142\" alt=\"paiement-echographie\" width=\"143\" height=\"142\" \/><\/div>\n<div class=\"col span_2-3\">\n<h3 class=\"h3infos\">Moyens de paiements<\/h3>\n<p>Pensez \u00e0 vous munir d\u2019un moyen de paiement pour r\u00e9gler votre consultation.<\/p>\n<p>Le cabinet accepte les paiements par\u00a0ch\u00e8ques et esp\u00e8ces.<\/p>\n<\/div>\n<\/div>\n<\/div>\n<\/div>\n<\/div>\n<\/div>\n<\/div>\n<\/div>\n<\/div>\n<\/div>\n<\/div>\n<\/div>\n<\/div>\n<\/div>\n<\/div>\n<\/div>\n<\/div>\n<\/div>\n<\/div>\n<\/div>\n<\/div>\n<\/div>\n<\/div>\n<\/div>\n<\/div>\n<\/div>\n<\/div>\n<\/div>\n<\/div>\n<p>&nbsp;<\/p>\n<hr \/>\n<div class=\"infos\">\n<div class=\"section group\">\n<div class=\"col span_2-3\">\n<div class=\"infos\">\n<div class=\"section group\">\n<div class=\"infos\">\n<div class=\"section group\">\n<div class=\"col span_2-3\">\n<div class=\"infos\">\n<div class=\"section group\">\n<div class=\"col span_2-3\">\n<div class=\"infos\">\n<div class=\"section group\">\n<div class=\"col span_2-3\">\n<div class=\"infos\">\n<div class=\"section group\">\n<div class=\"col span_2-3\">\n<div class=\"infos\">\n<div class=\"section group\">\n<div class=\"col span_2-3\">\n<div class=\"infos\">\n<div class=\"section group\">\n<div class=\"col span_2-3\">\n<div class=\"infos\">\n<div class=\"section group\">\n<div class=\"col span_2-3\">\n<div class=\"infos\">\n<div class=\"section group\">\n<div class=\"col span_2-3\">\n<div class=\"infos\">\n<div class=\"section group\">\n<div class=\"col span_1-3\"><img loading=\"lazy\" decoding=\"async\" class=\"size-full wp-image-333 alignleft\" src=\"http:\/\/i1.wp.com\/echographie-paris12.fr\/wp-content\/uploads\/2015\/10\/secretaire-appel-annulation.png?resize=143%2C142\" alt=\"secretaire-appel-annulation\" width=\"143\" height=\"142\" \/><\/div>\n<div class=\"col span_2-3\">\n<h3 class=\"h3infos\">Annulation<\/h3>\n<p>En cas d\u2019emp\u00eachement \u00e0 un rendez-vous, n\u2019oubliez pas de\u00a0pr\u00e9venir le secr\u00e9tariat au 05 87 57 16 47<\/p>\n<p>&nbsp;<\/p>\n<\/div>\n<\/div>\n<\/div>\n<\/div>\n<\/div>\n<\/div>\n<\/div>\n<\/div>\n<\/div>\n<\/div>\n<\/div>\n<\/div>\n<\/div>\n<\/div>\n<\/div>\n<\/div>\n<\/div>\n<\/div>\n<\/div>\n<\/div>\n<\/div>\n<\/div>\n<\/div>\n<\/div>\n<\/div>\n<\/div>\n<\/div>\n<\/div>\n<\/div>\n<\/div>\n<\/div>\n<\/div>\n<div class=\"dashed-frame\"><\/div>\n<div><\/div>\n<div>\n<hr \/>\n<\/div>\n<div class=\"infos\">\n<div class=\"section group\">\n<div class=\"col span_2-3\">\n<div class=\"infos\">\n<div class=\"section group\">\n<div class=\"infos\">\n<div class=\"section group\">\n<div class=\"col span_2-3\">\n<div class=\"infos\">\n<div class=\"section group\">\n<div class=\"col span_2-3\">\n<div class=\"infos\">\n<div class=\"section group\">\n<div class=\"col span_2-3\">\n<div class=\"infos\">\n<div class=\"section group\">\n<div class=\"col span_2-3\">\n<div class=\"infos\">\n<div class=\"section group\">\n<div class=\"col span_2-3\">\n<div class=\"infos\">\n<div class=\"section group\">\n<div class=\"col span_2-3\">\n<div class=\"infos\">\n<div class=\"section group\">\n<div class=\"col span_2-3\">\n<div class=\"infos\">\n<div class=\"section group\">\n<div class=\"col span_2-3\">\n<div class=\"infos\">\n<div class=\"section group\">\n<div class=\"col span_2-3\">\n<div class=\"dashed-frame\">\n<h3><\/h3>\n<blockquote>\n<h3><span style=\"color: #ffffff;\">Bon \u00e0 savoir !<\/span><\/h3>\n<p>Ces examens ne sont pas obligatoires\u00a0et il vous est possible de signaler que vous ne souhaitez pas que soit r\u00e9alis\u00e9e sur votre enfant une recherche de malformation.<\/p>\n<p>L\u2019\u00e9chographie d\u00e9tecte les anomalies importantes, susceptibles de modifier le suivi de votre grossesse. Mais, comme tout examen m\u00e9dical, l\u2019\u00e9chographie n\u2019est pas parfaite et il se peut qu\u2019une anomalie pourtant bien pr\u00e9sente ne soit pas d\u00e9tect\u00e9e par l\u2019examen, m\u00eame si celui-ci est correctement r\u00e9alis\u00e9.<br \/>\nDe m\u00eame, un doute peut survenir au cours de l\u2019examen, alors qu\u2019en r\u00e9alit\u00e9, l\u2019enfant se porte \u00e0 merveille. Dans ce cas, l\u2019\u00e9chographie peut \u00eatre une source d\u2019anxi\u00e9t\u00e9 pour les futurs parents.<\/p>\n<p>N\u2019h\u00e9sitez pas \u00e0 interroger l\u2019\u00e9chographiste si vous avez des questions concernant les possibilit\u00e9s et les limites de ces examens.<\/p><\/blockquote>\n<\/div>\n<\/div>\n<\/div>\n<\/div>\n<\/div>\n<\/div>\n<\/div>\n<\/div>\n<\/div>\n<\/div>\n<\/div>\n<\/div>\n<\/div>\n<\/div>\n<\/div>\n<\/div>\n<\/div>\n<\/div>\n<\/div>\n<\/div>\n<\/div>\n<\/div>\n<\/div>\n<\/div>\n<\/div>\n<\/div>\n<\/div>\n<\/div>\n<\/div>\n<\/div>\n<\/div>\n<\/div>\n<\/div>\n","protected":false},"excerpt":{"rendered":"<p>Ordonnance Les examens \u00e9chographiques sont faits sur la prescription du m\u00e9decin ou de la sage femme qui suit votre grossesse. Vous devez\u00a0vous munir de l\u2019ordonnance\u00a0lors de votre rendez-vous d\u2019\u00e9chographie. Dates de rendez-vous L\u2019\u00e9chographie de datation s\u2019\u00e9ffectue avant 11 semaines. L\u2019\u00e9chographie<\/p>\n","protected":false},"author":1,"featured_media":0,"parent":0,"menu_order":0,"comment_status":"closed","ping_status":"closed","template":"","meta":{"footnotes":""},"_links":{"self":[{"href":"https:\/\/anthony-weber.fr\/index.php?rest_route=\/wp\/v2\/pages\/303"}],"collection":[{"href":"https:\/\/anthony-weber.fr\/index.php?rest_route=\/wp\/v2\/pages"}],"about":[{"href":"https:\/\/anthony-weber.fr\/index.php?rest_route=\/wp\/v2\/types\/page"}],"author":[{"embeddable":true,"href":"https:\/\/anthony-weber.fr\/index.php?rest_route=\/wp\/v2\/users\/1"}],"replies":[{"embeddable":true,"href":"https:\/\/anthony-weber.fr\/index.php?rest_route=%2Fwp%2Fv2%2Fcomments&post=303"}],"version-history":[{"count":18,"href":"https:\/\/anthony-weber.fr\/index.php?rest_route=\/wp\/v2\/pages\/303\/revisions"}],"predecessor-version":[{"id":381,"href":"https:\/\/anthony-weber.fr\/index.php?rest_route=\/wp\/v2\/pages\/303\/revisions\/381"}],"wp:attachment":[{"href":"https:\/\/anthony-weber.fr\/index.php?rest_route=%2Fwp%2Fv2%2Fmedia&parent=303"}],"curies":[{"name":"wp","href":"https:\/\/api.w.org\/{rel}","templated":true}]}}